{"id":2436,"date":"2019-01-28T13:12:30","date_gmt":"2019-01-28T11:12:30","guid":{"rendered":"https:\/\/www.fundaciovallbo.cat\/?page_id=2436"},"modified":"2022-07-19T14:38:30","modified_gmt":"2022-07-19T12:38:30","slug":"politica-de-privacidad","status":"publish","type":"page","link":"https:\/\/www.fundaciovallbo.cat\/es\/politica-de-privacidad\/","title":{"rendered":"Pol\u00edtica de Privacidad"},"content":{"rendered":"<p>1. IDENTIFICACI\u00d3N<br \/>\n\u2022 Titular: Fundaci\u00f3 Vallbo (en adelante, \u201cFundaci\u00f3 Vallbo\u201d).<br \/>\n\u2022 Domicilio social: C\/Luxemburg, 19, Pol\u00edgon Industrial Constant\u00ed, 43120<br \/>\n\u2022 Correo electr\u00f3nico: secretaria@fundaciovallbo.cat<br \/>\n\u2022 Delegado de Protecci\u00f3n de Datos (DPO): El Usuario puede contactar con el DPO a trav\u00e9s de la siguiente direcci\u00f3n coordinator@fundaciovallbo.cat, o mediante escrito dirigido al domicilio de Fundaci\u00f3 Vallbo a la atenci\u00f3n del \u201cDelegado de Protecci\u00f3n de Datos\u201d.<\/p>\n<p>2. INFORMACI\u00d3N Y CONSENTIMIENTO<br \/>\nMediante la lectura de la presente Pol\u00edtica de Privacidad, el Usuario queda informado sobre la forma en que Fundaci\u00f3 Vallbo recaba, trata y protege los datos de car\u00e1cter personal que le son facilitados a trav\u00e9s del sitio web www.fundaciovallbo.cat (en adelante, el \u201csitio web\u201d), as\u00ed como los propios de su conexi\u00f3n y navegaci\u00f3n a trav\u00e9s del Sitio Web (en adelante, la \u201cnavegaci\u00f3n\u201d) y aquellos otros datos que pueda facilitar en un futuro a Fundaci\u00f3 Vallbo a trav\u00e9s de cualesquiera contratos, contrataciones publicitarias o cualquier otro medio habilitado.<\/p>\n<p>El Usuario debe leer con atenci\u00f3n esta Pol\u00edtica de Privacidad, que ha sido redactada de forma clara y sencilla, para facilitar su comprensi\u00f3n, y determinar libre y voluntariamente si desea facilitar sus datos personales, o los de terceros, a Fundaci\u00f3 Vallbo.<\/p>\n<p>3. OBLIGATORIEDAD DE FACILITAR LOS DATOS<br \/>\nLos datos solicitados en los formularios accesibles desde el Sitio Web de Fundaci\u00f3 Vallbo son, con car\u00e1cter general, obligatorios (salvo que en el campo requerido se especifique lo contrario) para cumplir con las finalidades establecidas. Por lo tanto, si no se facilitan los mismos o no se facilitan correctamente no podr\u00e1n atenderse las mismas.<\/p>\n<p>4. FINALIDAD DEL TRATAMIENTO DE LOS DATOS PERSONALES DEL USUARIO POR PARTE DE Fundaci\u00f3 Vallbo Y TIEMPO DE DURACI\u00d3N<br \/>\nEn funci\u00f3n de las solicitudes del Usuario, los datos personales recabados ser\u00e1n tratados por Fundaci\u00f3 Vallbo conforme a las siguientes finalidades:<br \/>\n\u2022 Gestionar la suscripci\u00f3n a la newsletter y posterior remisi\u00f3n de la misma.<br \/>\n\u2022 Gestionar sus solicitudes de contacto con Fundaci\u00f3 Vallbo a trav\u00e9s de los canales dispuestos para ello.<br \/>\n\u2022 Gestionar el env\u00edo de comunicaciones comerciales personalizadas de Fundaci\u00f3 Vallbo, por medios electr\u00f3nicos y\/o convencionales, en los casos en los que el Usuario as\u00ed lo consienta expresamente.<br \/>\n\u2022 Gestionar el env\u00edo de comunicaciones comerciales personalizadas por medios electr\u00f3nicos y\/o convencionales, salvo que el Usuario muestre su oposici\u00f3n a dicho tratamiento.<br \/>\n\u2022 Gestionar la prestaci\u00f3n del servicio de alojamiento en nuestra web contratado, as\u00ed como los eventuales servicios adicionales.<br \/>\n\u2022 Gestionar la realizaci\u00f3n de encuestas y\/o evaluaciones relativas a la calidad de los servicios prestados por Fundaci\u00f3 Vallbo y\/o a la percepci\u00f3n de su imagen como compa\u00f1\u00eda.<\/p>\n<p>Los datos del Usuario ser\u00e1n conservados durante el plazo necesario para el cumplimiento de cada finalidad o hasta que el Usuario solicite su baja a Fundaci\u00f3 Vallbo, se oponga o revoque su consentimiento.<\/p>\n<p>5. DATOS A TRATAR POR PARTE DE Fundaci\u00f3 Vallbo<br \/>\nFundaci\u00f3 Vallbo podr\u00e1 tratar las siguientes categor\u00edas de datos, en funci\u00f3n de la solicitud realizada por el Usuario:<br \/>\n\u2022 Datos identificativos: nombre, apellidos.<br \/>\n\u2022 Datos de contacto: Direcci\u00f3n postal, tel\u00e9fono m\u00f3vil, direcci\u00f3n de correo electr\u00f3nico.<br \/>\n\u2022 C\u00f3digos o claves de identificaci\u00f3n del Usuario.<br \/>\n\u2022 Datos de caracter\u00edsticas personales: fecha de nacimiento, sexo, nacionalidad.<br \/>\n\u2022 Datos de preferencias.<br \/>\n\u2022 Datos de geolocalizaci\u00f3n.<br \/>\n\u2022 Datos de la tarjeta, necesarios para la realizaci\u00f3n del pago de la reserva o para garantizar la<br \/>\nmisma, as\u00ed como para pagar la estancia o los servicios asociados a la misma.<br \/>\nEn caso de que el Usuario facilite datos de terceros, manifiesta contar con el consentimiento de los mismos y se compromete a trasladar al interesado, titular de dichos datos, la informaci\u00f3n contenida en la presente Pol\u00edtica de Privacidad, eximiendo a Fundaci\u00f3 Vallbo de cualquier responsabilidad en este sentido. No obstante, Fundaci\u00f3 Vallbo podr\u00e1 llevar a cabo las verificaciones necesarias para constatar este hecho, adoptando las medidas de diligencia debida que correspondan, conforme a la normativa de protecci\u00f3n de datos.<\/p>\n<p>6. LA LEGITIMACI\u00d3N DEL TRATAMIENTO DATOS<br \/>\nLos tratamientos de datos necesarios para el cumplimiento de las referidas finalidades que precisen del consentimiento del Usuario para su realizaci\u00f3n, no se llevar\u00e1n a cabo sin contar con \u00e9ste. Asimismo, en caso de que el Usuario retirase su consentimiento a cualquiera de los tratamientos, ello no afectar\u00e1 a la licitud de los tratamientos efectuados con anterioridad.<\/p>\n<p>Para revocar dicho consentimiento, el Usuario podr\u00e1 contactar con Fundaci\u00f3 Vallbo a trav\u00e9s de los canales siguientes: Por medio de un escrito dirigido a Fundaci\u00f3 Vallbo C\/Luxemburg, 19, Pol\u00edgon Industrial Constant\u00ed, 43120, Espa\u00f1a, o bien por medio de un correo electr\u00f3nico a la direcci\u00f3n secretaria@fundaciovallbo.cat , en ambos casos con la Referencia \u201cProtecci\u00f3n de Datos\u201d. Asimismo, en los casos en los que sea necesario tratar los datos del Usuario para el cumplimiento de una obligaci\u00f3n legal o para la ejecuci\u00f3n de la relaci\u00f3n contractual existente entre Fundaci\u00f3 Vallbo y el Usuario, el tratamiento se encontrar\u00eda legitimado por ser necesario para el cumplimiento de dichas finalidades. Por su parte, el tratamiento llevado a cabo para la realizaci\u00f3n de encuestas y\/o evaluaciones relativas a la calidad de los servicios prestados por Fundaci\u00f3 Vallbo y\/o a la percepci\u00f3n de su imagen como compa\u00f1\u00eda se realizar\u00e1 en base al inter\u00e9s leg\u00edtimo del responsable.<\/p>\n<p>7. POSIBLES DESTINATARIOS DEL TRATAMIENTO DE DATOS<br \/>\nLos datos del Usuario podr\u00e1n ser comunicados a:<br \/>\n\u2022 Empresas participadas o del grupo empresarial Fundaci\u00f3 Vallbo, \u00fanicamente para fines administrativos internos y\/o para las finalidades anteriormente indicadas.<br \/>\n\u2022 Clientes, Colaboradores y Proveedores de Fundaci\u00f3 Vallbo necesarios para el adecuado cumplimiento de las obligaciones legales y\/o de las finalidades anteriormente indicadas.<br \/>\n\u2022 Partners y empresas colaboradoras de Fundaci\u00f3 Vallbo para el cumplimiento de las finalidades anteriormente indicadas y\/o, en caso de que as\u00ed lo autorice, para el env\u00edo de comunicaciones comerciales.<br \/>\n\u2022 Administraciones P\u00fablicas, en los casos previstos por la Ley.<br \/>\nLos destinatarios indicados en el presente apartado pueden encontrarse ubicados dentro o fuera del Espacio Econ\u00f3mico Europeo, encontr\u00e1ndose en este \u00faltimo caso debidamente legitimadas las transferencias internacionales de datos.<\/p>\n<p>8. RESPONSABILIDAD DEL USUARIO<br \/>\nEl Usuario:<br \/>\n\u2022 Garantiza que es mayor de edad o emancipado legalmente en su caso, plenamente capaz, y que los datos que facilita a Fundaci\u00f3 Vallbo son verdaderos, exactos, completos y actualizados. A estos efectos, el Usuario responde de la veracidad de todos los datos que comunique y mantendr\u00e1 convenientemente actualizada la informaci\u00f3n facilitada, de tal forma que responda a su situaci\u00f3n real.<br \/>\n\u2022 Garantiza que ha informado a los terceros de los que facilite sus datos, en caso de hacerlo, de los aspectos contenidos en este documento. Asimismo, garantiza que ha obtenido su autorizaci\u00f3n para facilitar sus datos a Fundaci\u00f3 Vallbo para los fines se\u00f1alados.<br \/>\n\u2022 Ser\u00e1 responsable de las informaciones falsas o inexactas que proporcione a trav\u00e9s del Sitio Web y de los da\u00f1os y perjuicios, directos o indirectos, que ello cause a Fundaci\u00f3 Vallbo o a terceros.<\/p>\n<p>9. COMUNICACIONES COMERCIALES Y PROMOCIONALES<br \/>\nUna de las finalidades para las que Fundaci\u00f3 Vallbo trata los datos del Usuario ser\u00e1 para el env\u00edo de comunicaciones comerciales, por medios electr\u00f3nicos y\/o convencionales, con informaci\u00f3n relativa a productos, eventos o noticias relevantes para los Usuarios. Siempre que se realice alguna comunicaci\u00f3n de este tipo, \u00e9sta ser\u00e1 dirigida \u00fanica y exclusivamente a aquellos Usuarios que hubieran autorizado su recepci\u00f3n y\/o que no hubieran manifestado previamente su negativa a la recepci\u00f3n de las mismas.<\/p>\n<p>Para llevar a cabo la labor anterior, Fundaci\u00f3 Vallbo podr\u00e1 analizar los datos obtenidos, a fin de elaborar perfiles de Usuario que permitan definir con mayor detalle los productos que puedan resultar de su inter\u00e9s.<br \/>\nEn caso de que el Usuario desee dejar de recibir comunicaciones comerciales o promocionales por parte de Fundaci\u00f3 Vallbo puede solicitar la baja del servicio enviando un email a la siguiente direcci\u00f3n de correo electr\u00f3nico: coordinator@fundaciovallbo.cat , as\u00ed como indicando su negativa a la recepci\u00f3n de las mismas mediante la opci\u00f3n de baja proporcionada en cada una de las comunicaciones comerciales remitidas.<\/p>\n<p>10. EJERCICIO DE DERECHOS<br \/>\nEl Usuario puede enviar un escrito a Fundaci\u00f3 Vallbo, C\/Luxemburg, 19, Pol\u00edgon Industrial Constant\u00ed, 43120, Espa\u00f1a, o bien por medio de un correo electr\u00f3nico a la direcci\u00f3n coordinator@fundaciovallbo.cat , en ambos casos, con la Referencia \u201cProtecci\u00f3n de Datos\u201d, adjuntando fotocopia de su documento de identidad o pasaporte en vigor, en cualquier momento y de manera gratuita, para:<br \/>\n\u2022 Revocar los consentimientos otorgados.<br \/>\n\u2022 Obtener confirmaci\u00f3n acerca de si en Fundaci\u00f3 Vallbo se est\u00e1n tratando datos personales que conciernen al Usuario o no.<br \/>\n\u2022 Acceder a sus datos personales.<br \/>\n\u2022 Rectificar los datos inexactos o incompletos.<br \/>\n\u2022 Solicitar la supresi\u00f3n de sus datos cuando, entre otros motivos, los datos ya no sean necesarios para los fines que fueron recogidos.<br \/>\n\u2022 Obtener de Fundaci\u00f3 Vallbo la limitaci\u00f3n del tratamiento de los datos cuando se cumpla alguna de las condiciones previstas en la normativa de protecci\u00f3n de datos.<br \/>\n\u2022 Obtener intervenci\u00f3n humana, a expresar tu punto de vista y a impugnar las decisiones<br \/>\nautomatizadas a adoptadas por parte de Fundaci\u00f3 Vallbo.<br \/>\nAsimismo, se informa al usuario de que en cualquier momento podr\u00e1 Interponer una reclamaci\u00f3n relativa a la protecci\u00f3n de sus datos personales ante la Autoridad de control competente.<\/p>\n<p>11. MEDIDAS DE SEGURIDAD<br \/>\nFundaci\u00f3 Vallbo tratar\u00e1 los datos del Usuario en todo momento de forma absolutamente confidencial y guardando el preceptivo deber de secreto respecto de los mismos, de conformidad con lo previsto en la normativa de aplicaci\u00f3n, adoptando al efecto las medidas de \u00edndole t\u00e9cnica y organizativas necesarias que garanticen la seguridad de sus datos y eviten su alteraci\u00f3n, p\u00e9rdida, tratamiento o acceso no autorizado, habida cuenta del estado de la tecnolog\u00eda, la naturaleza de los datos almacenados y los riesgos a que est\u00e1n expuestos.<\/p>\n","protected":false},"excerpt":{"rendered":"<p>1. IDENTIFICACI\u00d3N \u2022 Titular: Fundaci\u00f3 Vallbo (en adelante, \u201cFundaci\u00f3 Vallbo\u201d). \u2022 Domicilio social: C\/Luxemburg, 19, Pol\u00edgon Industrial Constant\u00ed, 43120 \u2022 Correo electr\u00f3nico: secretaria@fundaciovallbo.cat \u2022 Delegado de<span class=\"excerpt-hellip\"> [\u2026]<\/span><\/p>\n","protected":false},"author":1,"featured_media":0,"parent":0,"menu_order":0,"comment_status":"closed","ping_status":"open","template":"","meta":{"footnotes":""},"class_list":["post-2436","page","type-page","status-publish","hentry"],"yoast_head":"<!-- This site is optimized with the Yoast SEO plugin v24.6 - https:\/\/yoast.com\/wordpress\/plugins\/seo\/ -->\n<title>Pol\u00edtica de Privacidad - Fundaci\u00f3 Vallbo<\/title>\n<meta name=\"robots\" content=\"index, follow, max-snippet:-1, max-image-preview:large, max-video-preview:-1\" \/>\n<link rel=\"canonical\" href=\"https:\/\/www.fundaciovallbo.cat\/es\/politica-de-privacidad\/\" \/>\n<meta property=\"og:locale\" content=\"es_ES\" \/>\n<meta property=\"og:type\" content=\"article\" \/>\n<meta property=\"og:title\" content=\"Pol\u00edtica de Privacidad - Fundaci\u00f3 Vallbo\" \/>\n<meta property=\"og:description\" content=\"1. IDENTIFICACI\u00d3N \u2022 Titular: Fundaci\u00f3 Vallbo (en adelante, \u201cFundaci\u00f3 Vallbo\u201d). \u2022 Domicilio social: C\/Luxemburg, 19, Pol\u00edgon Industrial Constant\u00ed, 43120 \u2022 Correo electr\u00f3nico: secretaria@fundaciovallbo.cat \u2022 Delegado de [\u2026]\" \/>\n<meta property=\"og:url\" content=\"https:\/\/www.fundaciovallbo.cat\/es\/politica-de-privacidad\/\" \/>\n<meta property=\"og:site_name\" content=\"Fundaci\u00f3 Vallbo\" \/>\n<meta property=\"article:modified_time\" content=\"2022-07-19T12:38:30+00:00\" \/>\n<meta name=\"twitter:card\" content=\"summary_large_image\" \/>\n<meta name=\"twitter:label1\" content=\"Tiempo de lectura\" \/>\n\t<meta name=\"twitter:data1\" content=\"7 minutos\" \/>\n<script type=\"application\/ld+json\" class=\"yoast-schema-graph\">{\"@context\":\"https:\/\/schema.org\",\"@graph\":[{\"@type\":\"WebPage\",\"@id\":\"https:\/\/www.fundaciovallbo.cat\/es\/politica-de-privacidad\/\",\"url\":\"https:\/\/www.fundaciovallbo.cat\/es\/politica-de-privacidad\/\",\"name\":\"Pol\u00edtica de Privacidad - Fundaci\u00f3 Vallbo\",\"isPartOf\":{\"@id\":\"https:\/\/www.fundaciovallbo.cat\/#website\"},\"datePublished\":\"2019-01-28T11:12:30+00:00\",\"dateModified\":\"2022-07-19T12:38:30+00:00\",\"breadcrumb\":{\"@id\":\"https:\/\/www.fundaciovallbo.cat\/es\/politica-de-privacidad\/#breadcrumb\"},\"inLanguage\":\"es\",\"potentialAction\":[{\"@type\":\"ReadAction\",\"target\":[\"https:\/\/www.fundaciovallbo.cat\/es\/politica-de-privacidad\/\"]}]},{\"@type\":\"BreadcrumbList\",\"@id\":\"https:\/\/www.fundaciovallbo.cat\/es\/politica-de-privacidad\/#breadcrumb\",\"itemListElement\":[{\"@type\":\"ListItem\",\"position\":1,\"name\":\"Home\",\"item\":\"https:\/\/www.fundaciovallbo.cat\/es\/\"},{\"@type\":\"ListItem\",\"position\":2,\"name\":\"Pol\u00edtica de Privacidad\"}]},{\"@type\":\"WebSite\",\"@id\":\"https:\/\/www.fundaciovallbo.cat\/#website\",\"url\":\"https:\/\/www.fundaciovallbo.cat\/\",\"name\":\"Fundaci\u00f3 Vallbo\",\"description\":\"\",\"potentialAction\":[{\"@type\":\"SearchAction\",\"target\":{\"@type\":\"EntryPoint\",\"urlTemplate\":\"https:\/\/www.fundaciovallbo.cat\/?s={search_term_string}\"},\"query-input\":{\"@type\":\"PropertyValueSpecification\",\"valueRequired\":true,\"valueName\":\"search_term_string\"}}],\"inLanguage\":\"es\"}]}<\/script>\n<!-- \/ Yoast SEO plugin. -->","yoast_head_json":{"title":"Pol\u00edtica de Privacidad - Fundaci\u00f3 Vallbo","robots":{"index":"index","follow":"follow","max-snippet":"max-snippet:-1","max-image-preview":"max-image-preview:large","max-video-preview":"max-video-preview:-1"},"canonical":"https:\/\/www.fundaciovallbo.cat\/es\/politica-de-privacidad\/","og_locale":"es_ES","og_type":"article","og_title":"Pol\u00edtica de Privacidad - Fundaci\u00f3 Vallbo","og_description":"1. IDENTIFICACI\u00d3N \u2022 Titular: Fundaci\u00f3 Vallbo (en adelante, \u201cFundaci\u00f3 Vallbo\u201d). \u2022 Domicilio social: C\/Luxemburg, 19, Pol\u00edgon Industrial Constant\u00ed, 43120 \u2022 Correo electr\u00f3nico: secretaria@fundaciovallbo.cat \u2022 Delegado de [\u2026]","og_url":"https:\/\/www.fundaciovallbo.cat\/es\/politica-de-privacidad\/","og_site_name":"Fundaci\u00f3 Vallbo","article_modified_time":"2022-07-19T12:38:30+00:00","twitter_card":"summary_large_image","twitter_misc":{"Tiempo de lectura":"7 minutos"},"schema":{"@context":"https:\/\/schema.org","@graph":[{"@type":"WebPage","@id":"https:\/\/www.fundaciovallbo.cat\/es\/politica-de-privacidad\/","url":"https:\/\/www.fundaciovallbo.cat\/es\/politica-de-privacidad\/","name":"Pol\u00edtica de Privacidad - Fundaci\u00f3 Vallbo","isPartOf":{"@id":"https:\/\/www.fundaciovallbo.cat\/#website"},"datePublished":"2019-01-28T11:12:30+00:00","dateModified":"2022-07-19T12:38:30+00:00","breadcrumb":{"@id":"https:\/\/www.fundaciovallbo.cat\/es\/politica-de-privacidad\/#breadcrumb"},"inLanguage":"es","potentialAction":[{"@type":"ReadAction","target":["https:\/\/www.fundaciovallbo.cat\/es\/politica-de-privacidad\/"]}]},{"@type":"BreadcrumbList","@id":"https:\/\/www.fundaciovallbo.cat\/es\/politica-de-privacidad\/#breadcrumb","itemListElement":[{"@type":"ListItem","position":1,"name":"Home","item":"https:\/\/www.fundaciovallbo.cat\/es\/"},{"@type":"ListItem","position":2,"name":"Pol\u00edtica de Privacidad"}]},{"@type":"WebSite","@id":"https:\/\/www.fundaciovallbo.cat\/#website","url":"https:\/\/www.fundaciovallbo.cat\/","name":"Fundaci\u00f3 Vallbo","description":"","potentialAction":[{"@type":"SearchAction","target":{"@type":"EntryPoint","urlTemplate":"https:\/\/www.fundaciovallbo.cat\/?s={search_term_string}"},"query-input":{"@type":"PropertyValueSpecification","valueRequired":true,"valueName":"search_term_string"}}],"inLanguage":"es"}]}},"_links":{"self":[{"href":"https:\/\/www.fundaciovallbo.cat\/es\/wp-json\/wp\/v2\/pages\/2436","targetHints":{"allow":["GET"]}}],"collection":[{"href":"https:\/\/www.fundaciovallbo.cat\/es\/wp-json\/wp\/v2\/pages"}],"about":[{"href":"https:\/\/www.fundaciovallbo.cat\/es\/wp-json\/wp\/v2\/types\/page"}],"author":[{"embeddable":true,"href":"https:\/\/www.fundaciovallbo.cat\/es\/wp-json\/wp\/v2\/users\/1"}],"replies":[{"embeddable":true,"href":"https:\/\/www.fundaciovallbo.cat\/es\/wp-json\/wp\/v2\/comments?post=2436"}],"version-history":[{"count":5,"href":"https:\/\/www.fundaciovallbo.cat\/es\/wp-json\/wp\/v2\/pages\/2436\/revisions"}],"predecessor-version":[{"id":2748,"href":"https:\/\/www.fundaciovallbo.cat\/es\/wp-json\/wp\/v2\/pages\/2436\/revisions\/2748"}],"wp:attachment":[{"href":"https:\/\/www.fundaciovallbo.cat\/es\/wp-json\/wp\/v2\/media?parent=2436"}],"curies":[{"name":"wp","href":"https:\/\/api.w.org\/{rel}","templated":true}]}}